{"id":78944,"date":"2024-07-08T09:16:50","date_gmt":"2024-07-08T07:16:50","guid":{"rendered":"https:\/\/controtempo.org\/?post_type=evento&#038;p=78944"},"modified":"2024-07-08T09:16:51","modified_gmt":"2024-07-08T07:16:51","slug":"presentazione-del-libro-di-poesie-la-balena-e-le-foglie-di-michele-obit","status":"publish","type":"evento","link":"https:\/\/controtempo.org\/en\/evento\/presentazione-del-libro-di-poesie-la-balena-e-le-foglie-di-michele-obit\/","title":{"rendered":"Presentazione del libro di poesie: &#8220;La balena e le foglie&#8221; di Michele Obit\u00a0"},"content":{"rendered":"<p><b><span data-contrast=\"none\">Presentazione del libro di poesie: &#8220;La balena e le foglie&#8221; di Michele Obit<\/span><\/b>&nbsp;<br \/>\n<span data-contrast=\"none\">Interviene: Maurizio Mattiuzza<\/span><span data-ccp-props=\"{&quot;134233117&quot;:false,&quot;134233118&quot;:false,&quot;201341983&quot;:0,&quot;335551550&quot;:6,&quot;335551620&quot;:6,&quot;335559685&quot;:-30,&quot;335559731&quot;:0,&quot;335559737&quot;:-30,&quot;335559738&quot;:0,&quot;335559739&quot;:0,&quot;335559740&quot;:240}\">&nbsp;<\/span><\/p>\n<p><span data-contrast=\"none\">Michele Obit \u00e8 direttore responsabile del settimanale bilingue della minoranza slovena in Italia \u00abNovi Matajur\u00bb. Ha collaborato alla realizzazione del festival Stazione di Topol\u00f2\/Postaja Topolove. Ha pubblicato varie raccolte poetiche. La prima, Notte delle radici, \u00e8 del 1988, l\u2019ultima, La balena e le foglie, \u00e8 del 2019. Dal 1998 si occupa di traduzione letteraria dallo sloveno in italiano, fino ad ora sono state pubblicate in Italia una trentina di opere tradotte, sia in prosa che in poesia.<\/span>&nbsp;<br \/>\n<span data-contrast=\"auto\">Maurizio Mattiuzza agitatore culturale e poeta. Premio Alda Merini, \u00e8 una delle voci pi\u00f9 significative della Letteratura in Friuli e scrittore noto a livello nazionale. Col suo romanzo: \u201cLa Malaluna\u201d ha ricevuto dalla Presidenza del Consiglio il Premio Matteotti, sezione opere letterarie e teatrali. Scrive in lingua Italiana, friulana e nell&#8217;idioma della Valsugana.<\/span>&nbsp;<br \/>\n<span data-ccp-props=\"{&quot;134233117&quot;:false,&quot;134233118&quot;:false,&quot;201341983&quot;:0,&quot;335551550&quot;:6,&quot;335551620&quot;:6,&quot;335559738&quot;:0,&quot;335559739&quot;:0,&quot;335559740&quot;:278}\">&nbsp;<\/span><\/p>\n<p><span style=\"color: #808000;\"><b>Predstavitev pesni\u0161ke zbirke La balena e le fogie pesnika Michele<\/b> <b>Obit<\/b>&nbsp;<\/span><br \/>\n<span style=\"color: #808000;\" data-ccp-props=\"{&quot;134233117&quot;:false,&quot;134233118&quot;:false,&quot;201341983&quot;:0,&quot;335551550&quot;:6,&quot;335551620&quot;:6,&quot;335559738&quot;:0,&quot;335559739&quot;:0,&quot;335559740&quot;:240}\"> Govornik: Maurizio Mattiuzza&nbsp;<\/span><\/p>\n<p><span style=\"color: #808000;\">Michele Obit je odgovorni urednik dvojezi\u010dnega tednika slovenske manj\u0161ine v Italiji Novi Matajur. Sodeloval je pri organizaciji festivala Stazione di Topol\u00f2\/Postaja Topolove in objavil ve\u010d pesni\u0161kih zbirk. Prva, No\u010d korenin, je iz\u0161la leta 1988, najnovej\u0161a, Kit in listje, pa je iz leta 2019. Od leta 1998 se ukvarja z literarnim prevajanjem iz sloven\u0161\u010dine v italijan\u0161\u010dino. Doslej je v Italiji iz\u0161lo okoli trideset njegovih prevodov proze in poezije.&nbsp;<\/span><br \/>\n<span style=\"color: #808000;\">Maurizio Mattiuzza je pesnik in kulturni agitator. Kot prejemnik nagrade Alde Merini in nacionalno priznan pisatelj velja za enega najpomembnej\u0161ih literarnih glasov v Furlaniji. Za roman <i>La Malaluna <\/i>je prejel nagrado urada predsednika vlade, ki jo podeljuje oddelek za literarna in gledali\u0161ka dela. Pi\u0161e v italijan\u0161\u010dini, furlan\u0161\u010dini in nare\u010dju doline Valsugana.&nbsp;<\/span><\/p>\n<p>A seguire concerto&nbsp;<br \/>\n<span class=\"TextRun SCXW146101288 BCX8\" lang=\"IT-IT\" xml:lang=\"IT-IT\" data-contrast=\"none\"><span class=\"NormalTextRun SCXW146101288 BCX8\" data-ccp-charstyle=\"spellingerror\" data-ccp-charstyle-defn=\"{&quot;ObjectId&quot;:&quot;d4f7d930-53af-4a91-a651-11e9dcd7f578|36&quot;,&quot;ClassId&quot;:1073872969,&quot;Properties&quot;:[469775450,&quot;spellingerror&quot;,201340122,&quot;1&quot;,134233614,&quot;true&quot;,469778129,&quot;spellingerror&quot;,335572020,&quot;1&quot;,469778324,&quot;Default Paragraph Font&quot;]}\">Fior delle Bolge<br \/>\n<span style=\"color: #808000;\">Sledi koncert <\/span><br \/>\n<span style=\"color: #808000;\">Fior delle Bolge<\/span><\/span><\/span><\/p>\n<p><span style=\"color: #808000;\"><span style=\"color: #000000;\">Il progetto \u00e8 finanziato dall\u2019Unione europea nell\u2019ambito del Fondo per piccoli progetti (Small Project Fund) GO! 2025 del Programma Interreg VI-A Italia-Slovenia 2021-2027, gestito dal GECT GO<\/span><br \/>\nProjekt financira Evropska unija iz Sklada za male projekte GO! 2025 programa Interreg VI-A Italija-Slovenija 2021-2027, ki ga upravlja EZTS GO.\u201d<\/span><\/p>\n<p><img loading=\"lazy\" decoding=\"async\" class=\"size-medium wp-image-78749 alignleft\" src=\"https:\/\/controtempo.org\/wp-content\/uploads\/2024\/06\/Interreg-ITA-SLO-logo-RGB-colour-300x83.png\" alt=\"\" width=\"300\" height=\"83\" srcset=\"https:\/\/controtempo.org\/wp-content\/uploads\/2024\/06\/Interreg-ITA-SLO-logo-RGB-colour-300x83.png 300w, https:\/\/controtempo.org\/wp-content\/uploads\/2024\/06\/Interreg-ITA-SLO-logo-RGB-colour-1024x285.png 1024w, https:\/\/controtempo.org\/wp-content\/uploads\/2024\/06\/Interreg-ITA-SLO-logo-RGB-colour-768x214.png 768w, https:\/\/controtempo.org\/wp-content\/uploads\/2024\/06\/Interreg-ITA-SLO-logo-RGB-colour-700x195.png 700w, https:\/\/controtempo.org\/wp-content\/uploads\/2024\/06\/Interreg-ITA-SLO-logo-RGB-colour.png 1100w\" sizes=\"auto, (max-width: 300px) 100vw, 300px\" \/><\/p>\n<p>&nbsp;<\/p>\n<p>&nbsp;<\/p>\n<p>&nbsp;<\/p>\n","protected":false},"excerpt":{"rendered":"<p>Presentazione del libro di poesie: &#8220;La balena e le foglie&#8221; di Michele Obit&nbsp; Interviene: Maurizio Mattiuzza&nbsp; Michele Obit \u00e8 direttore&#8230;<\/p>\n","protected":false},"featured_media":78988,"comment_status":"closed","ping_status":"closed","template":"","meta":{"ngg_post_thumbnail":0,"footnotes":""},"festival":[304],"class_list":["post-78944","evento","type-evento","status-publish","has-post-thumbnail","hentry","festival-zrcala_specchi"],"yoast_head":"<!-- This site is optimized with the Yoast SEO plugin v27.5 - https:\/\/yoast.com\/product\/yoast-seo-wordpress\/ -->\n<title>Presentazione del libro di poesie: &quot;La balena e le foglie&quot; di Michele Obit\u00a0 - Circolo Controtempo<\/title>\n<meta name=\"robots\" content=\"index, follow, max-snippet:-1, max-image-preview:large, max-video-preview:-1\" \/>\n<link rel=\"canonical\" href=\"https:\/\/controtempo.org\/en\/evento\/presentazione-del-libro-di-poesie-la-balena-e-le-foglie-di-michele-obit\/\" \/>\n<meta property=\"og:locale\" content=\"en_US\" \/>\n<meta property=\"og:type\" content=\"article\" \/>\n<meta property=\"og:title\" content=\"Presentazione del libro di poesie: &quot;La balena e le foglie&quot; di Michele Obit\u00a0 - Circolo Controtempo\" \/>\n<meta property=\"og:description\" content=\"Presentazione del libro di poesie: &#8220;La balena e le foglie&#8221; di Michele Obit&nbsp; Interviene: Maurizio Mattiuzza&nbsp; Michele Obit \u00e8 direttore...\" \/>\n<meta property=\"og:url\" content=\"https:\/\/controtempo.org\/en\/evento\/presentazione-del-libro-di-poesie-la-balena-e-le-foglie-di-michele-obit\/\" \/>\n<meta property=\"og:site_name\" content=\"Circolo Controtempo\" \/>\n<meta property=\"article:modified_time\" content=\"2024-07-08T07:16:51+00:00\" \/>\n<meta property=\"og:image\" content=\"https:\/\/controtempo.org\/wp-content\/uploads\/2024\/07\/obit.jpg\" \/>\n\t<meta property=\"og:image:width\" content=\"800\" \/>\n\t<meta property=\"og:image:height\" content=\"600\" \/>\n\t<meta property=\"og:image:type\" content=\"image\/jpeg\" \/>\n<meta name=\"twitter:card\" content=\"summary_large_image\" \/>\n<meta name=\"twitter:label1\" content=\"Est. reading time\" \/>\n\t<meta name=\"twitter:data1\" content=\"3 minutes\" \/>\n<script type=\"application\/ld+json\" class=\"yoast-schema-graph\">{\"@context\":\"https:\\\/\\\/schema.org\",\"@graph\":[{\"@type\":\"WebPage\",\"@id\":\"https:\\\/\\\/controtempo.org\\\/en\\\/evento\\\/presentazione-del-libro-di-poesie-la-balena-e-le-foglie-di-michele-obit\\\/\",\"url\":\"https:\\\/\\\/controtempo.org\\\/en\\\/evento\\\/presentazione-del-libro-di-poesie-la-balena-e-le-foglie-di-michele-obit\\\/\",\"name\":\"Presentazione del libro di poesie: \\\"La balena e le foglie\\\" di Michele Obit\u00a0 - Circolo Controtempo\",\"isPartOf\":{\"@id\":\"https:\\\/\\\/controtempo.org\\\/en\\\/#website\"},\"primaryImageOfPage\":{\"@id\":\"https:\\\/\\\/controtempo.org\\\/en\\\/evento\\\/presentazione-del-libro-di-poesie-la-balena-e-le-foglie-di-michele-obit\\\/#primaryimage\"},\"image\":{\"@id\":\"https:\\\/\\\/controtempo.org\\\/en\\\/evento\\\/presentazione-del-libro-di-poesie-la-balena-e-le-foglie-di-michele-obit\\\/#primaryimage\"},\"thumbnailUrl\":\"https:\\\/\\\/controtempo.org\\\/wp-content\\\/uploads\\\/2024\\\/07\\\/obit.jpg\",\"datePublished\":\"2024-07-08T07:16:50+00:00\",\"dateModified\":\"2024-07-08T07:16:51+00:00\",\"breadcrumb\":{\"@id\":\"https:\\\/\\\/controtempo.org\\\/en\\\/evento\\\/presentazione-del-libro-di-poesie-la-balena-e-le-foglie-di-michele-obit\\\/#breadcrumb\"},\"inLanguage\":\"en-US\",\"potentialAction\":[{\"@type\":\"ReadAction\",\"target\":[\"https:\\\/\\\/controtempo.org\\\/en\\\/evento\\\/presentazione-del-libro-di-poesie-la-balena-e-le-foglie-di-michele-obit\\\/\"]}]},{\"@type\":\"ImageObject\",\"inLanguage\":\"en-US\",\"@id\":\"https:\\\/\\\/controtempo.org\\\/en\\\/evento\\\/presentazione-del-libro-di-poesie-la-balena-e-le-foglie-di-michele-obit\\\/#primaryimage\",\"url\":\"https:\\\/\\\/controtempo.org\\\/wp-content\\\/uploads\\\/2024\\\/07\\\/obit.jpg\",\"contentUrl\":\"https:\\\/\\\/controtempo.org\\\/wp-content\\\/uploads\\\/2024\\\/07\\\/obit.jpg\",\"width\":800,\"height\":600},{\"@type\":\"BreadcrumbList\",\"@id\":\"https:\\\/\\\/controtempo.org\\\/en\\\/evento\\\/presentazione-del-libro-di-poesie-la-balena-e-le-foglie-di-michele-obit\\\/#breadcrumb\",\"itemListElement\":[{\"@type\":\"ListItem\",\"position\":1,\"name\":\"Home\",\"item\":\"https:\\\/\\\/controtempo.org\\\/en\\\/\"},{\"@type\":\"ListItem\",\"position\":2,\"name\":\"Eventi\",\"item\":\"https:\\\/\\\/controtempo.org\\\/en\\\/evento\\\/\"},{\"@type\":\"ListItem\",\"position\":3,\"name\":\"Presentazione del libro di poesie: &#8220;La balena e le foglie&#8221; di Michele Obit\u00a0\"}]},{\"@type\":\"WebSite\",\"@id\":\"https:\\\/\\\/controtempo.org\\\/en\\\/#website\",\"url\":\"https:\\\/\\\/controtempo.org\\\/en\\\/\",\"name\":\"Circolo Controtempo\",\"description\":\"\",\"potentialAction\":[{\"@type\":\"SearchAction\",\"target\":{\"@type\":\"EntryPoint\",\"urlTemplate\":\"https:\\\/\\\/controtempo.org\\\/en\\\/?s={search_term_string}\"},\"query-input\":{\"@type\":\"PropertyValueSpecification\",\"valueRequired\":true,\"valueName\":\"search_term_string\"}}],\"inLanguage\":\"en-US\"}]}<\/script>\n<!-- \/ Yoast SEO plugin. -->","yoast_head_json":{"title":"Presentazione del libro di poesie: \"La balena e le foglie\" di Michele Obit\u00a0 - Circolo Controtempo","robots":{"index":"index","follow":"follow","max-snippet":"max-snippet:-1","max-image-preview":"max-image-preview:large","max-video-preview":"max-video-preview:-1"},"canonical":"https:\/\/controtempo.org\/en\/evento\/presentazione-del-libro-di-poesie-la-balena-e-le-foglie-di-michele-obit\/","og_locale":"en_US","og_type":"article","og_title":"Presentazione del libro di poesie: \"La balena e le foglie\" di Michele Obit\u00a0 - Circolo Controtempo","og_description":"Presentazione del libro di poesie: &#8220;La balena e le foglie&#8221; di Michele Obit&nbsp; Interviene: Maurizio Mattiuzza&nbsp; Michele Obit \u00e8 direttore...","og_url":"https:\/\/controtempo.org\/en\/evento\/presentazione-del-libro-di-poesie-la-balena-e-le-foglie-di-michele-obit\/","og_site_name":"Circolo Controtempo","article_modified_time":"2024-07-08T07:16:51+00:00","og_image":[{"width":800,"height":600,"url":"https:\/\/controtempo.org\/wp-content\/uploads\/2024\/07\/obit.jpg","type":"image\/jpeg"}],"twitter_card":"summary_large_image","twitter_misc":{"Est. reading time":"3 minutes"},"schema":{"@context":"https:\/\/schema.org","@graph":[{"@type":"WebPage","@id":"https:\/\/controtempo.org\/en\/evento\/presentazione-del-libro-di-poesie-la-balena-e-le-foglie-di-michele-obit\/","url":"https:\/\/controtempo.org\/en\/evento\/presentazione-del-libro-di-poesie-la-balena-e-le-foglie-di-michele-obit\/","name":"Presentazione del libro di poesie: \"La balena e le foglie\" di Michele Obit\u00a0 - Circolo Controtempo","isPartOf":{"@id":"https:\/\/controtempo.org\/en\/#website"},"primaryImageOfPage":{"@id":"https:\/\/controtempo.org\/en\/evento\/presentazione-del-libro-di-poesie-la-balena-e-le-foglie-di-michele-obit\/#primaryimage"},"image":{"@id":"https:\/\/controtempo.org\/en\/evento\/presentazione-del-libro-di-poesie-la-balena-e-le-foglie-di-michele-obit\/#primaryimage"},"thumbnailUrl":"https:\/\/controtempo.org\/wp-content\/uploads\/2024\/07\/obit.jpg","datePublished":"2024-07-08T07:16:50+00:00","dateModified":"2024-07-08T07:16:51+00:00","breadcrumb":{"@id":"https:\/\/controtempo.org\/en\/evento\/presentazione-del-libro-di-poesie-la-balena-e-le-foglie-di-michele-obit\/#breadcrumb"},"inLanguage":"en-US","potentialAction":[{"@type":"ReadAction","target":["https:\/\/controtempo.org\/en\/evento\/presentazione-del-libro-di-poesie-la-balena-e-le-foglie-di-michele-obit\/"]}]},{"@type":"ImageObject","inLanguage":"en-US","@id":"https:\/\/controtempo.org\/en\/evento\/presentazione-del-libro-di-poesie-la-balena-e-le-foglie-di-michele-obit\/#primaryimage","url":"https:\/\/controtempo.org\/wp-content\/uploads\/2024\/07\/obit.jpg","contentUrl":"https:\/\/controtempo.org\/wp-content\/uploads\/2024\/07\/obit.jpg","width":800,"height":600},{"@type":"BreadcrumbList","@id":"https:\/\/controtempo.org\/en\/evento\/presentazione-del-libro-di-poesie-la-balena-e-le-foglie-di-michele-obit\/#breadcrumb","itemListElement":[{"@type":"ListItem","position":1,"name":"Home","item":"https:\/\/controtempo.org\/en\/"},{"@type":"ListItem","position":2,"name":"Eventi","item":"https:\/\/controtempo.org\/en\/evento\/"},{"@type":"ListItem","position":3,"name":"Presentazione del libro di poesie: &#8220;La balena e le foglie&#8221; di Michele Obit\u00a0"}]},{"@type":"WebSite","@id":"https:\/\/controtempo.org\/en\/#website","url":"https:\/\/controtempo.org\/en\/","name":"Circolo Controtempo","description":"","potentialAction":[{"@type":"SearchAction","target":{"@type":"EntryPoint","urlTemplate":"https:\/\/controtempo.org\/en\/?s={search_term_string}"},"query-input":{"@type":"PropertyValueSpecification","valueRequired":true,"valueName":"search_term_string"}}],"inLanguage":"en-US"}]}},"_links":{"self":[{"href":"https:\/\/controtempo.org\/en\/wp-json\/wp\/v2\/evento\/78944","targetHints":{"allow":["GET"]}}],"collection":[{"href":"https:\/\/controtempo.org\/en\/wp-json\/wp\/v2\/evento"}],"about":[{"href":"https:\/\/controtempo.org\/en\/wp-json\/wp\/v2\/types\/evento"}],"replies":[{"embeddable":true,"href":"https:\/\/controtempo.org\/en\/wp-json\/wp\/v2\/comments?post=78944"}],"version-history":[{"count":0,"href":"https:\/\/controtempo.org\/en\/wp-json\/wp\/v2\/evento\/78944\/revisions"}],"wp:featuredmedia":[{"embeddable":true,"href":"https:\/\/controtempo.org\/en\/wp-json\/wp\/v2\/media\/78988"}],"wp:attachment":[{"href":"https:\/\/controtempo.org\/en\/wp-json\/wp\/v2\/media?parent=78944"}],"wp:term":[{"taxonomy":"festival","embeddable":true,"href":"https:\/\/controtempo.org\/en\/wp-json\/wp\/v2\/festival?post=78944"}],"curies":[{"name":"wp","href":"https:\/\/api.w.org\/{rel}","templated":true}]}}