{"id":78540,"date":"2024-06-27T12:05:29","date_gmt":"2024-06-27T10:05:29","guid":{"rendered":"https:\/\/controtempo.org\/?post_type=evento&#038;p=78540"},"modified":"2024-07-22T10:08:24","modified_gmt":"2024-07-22T08:08:24","slug":"the-vegetable-orchestra","status":"publish","type":"evento","link":"https:\/\/controtempo.org\/en\/evento\/the-vegetable-orchestra\/","title":{"rendered":"The Vegetable Orchestra"},"content":{"rendered":"<p>J\u00fcrgen Berlakovich, Verena Fuchs, Susanna Gartmayer, Barbara Kaiser, Matthias Meinharter, J\u00f6rg Piringer, Ingrid Schl\u00f6gl, Ulrich Troyer, Stefan Voglsinger, Martina Winkler.<\/p>\n<p><span class=\"TextRun SCXW183651307 BCX8\" lang=\"IT-IT\" xml:lang=\"IT-IT\" data-contrast=\"none\"><span class=\"NormalTextRun SCXW183651307 BCX8\" data-ccp-charstyle=\"normaltextrun\" data-ccp-charstyle-defn=\"{&quot;ObjectId&quot;:&quot;6c186404-d57c-4249-a79f-d493aa716d02|35&quot;,&quot;ClassId&quot;:1073872969,&quot;Properties&quot;:[469775450,&quot;normaltextrun&quot;,201340122,&quot;1&quot;,134233614,&quot;true&quot;,469778129,&quot;normaltextrun&quot;,335572020,&quot;1&quot;,469778324,&quot;Default Paragraph Font&quot;]}\">La <\/span><span class=\"SpellingError SCXW183651307 BCX8\" data-ccp-charstyle=\"spellingerror\" data-ccp-charstyle-defn=\"{&quot;ObjectId&quot;:&quot;6c186404-d57c-4249-a79f-d493aa716d02|36&quot;,&quot;ClassId&quot;:1073872969,&quot;Properties&quot;:[469775450,&quot;spellingerror&quot;,201340122,&quot;1&quot;,134233614,&quot;true&quot;,469778129,&quot;spellingerror&quot;,335572020,&quot;1&quot;,469778324,&quot;Default Paragraph Font&quot;]}\">Vegetable<\/span><span class=\"NormalTextRun SCXW183651307 BCX8\" data-ccp-charstyle=\"normaltextrun\"> Orchestra, nata nel 1998 a Vienna, propone un&#8217;esperienza sonora unica utilizzando strumenti fatti di verdure fresche, costruiti di volta in volta per ogni esibizione. L&#8217;obiettivo principale del gruppo \u00e8 esplorare e perfezionare la musica vegetale, senza confini stilistici. Ogni concerto offre uno spettacolo coinvolgente con proiezioni video e profumi di verdure, e si conclude con un bis insolito tutto da scoprire.\u202f<\/span><span class=\"NormalTextRun SCXW183651307 BCX8\" data-ccp-charstyle=\"eop\" data-ccp-charstyle-defn=\"{&quot;ObjectId&quot;:&quot;6c186404-d57c-4249-a79f-d493aa716d02|37&quot;,&quot;ClassId&quot;:1073872969,&quot;Properties&quot;:[469775450,&quot;eop&quot;,201340122,&quot;1&quot;,134233614,&quot;true&quot;,469778129,&quot;eop&quot;,335572020,&quot;1&quot;,469778324,&quot;Default Paragraph Font&quot;]}\">\u202f<\/span><\/span><span class=\"EOP SCXW183651307 BCX8\" data-ccp-props=\"{&quot;134233117&quot;:false,&quot;134233118&quot;:false,&quot;201341983&quot;:0,&quot;335551550&quot;:6,&quot;335551620&quot;:6,&quot;335559685&quot;:0,&quot;335559737&quot;:-30,&quot;335559738&quot;:0,&quot;335559739&quot;:0,&quot;335559740&quot;:240}\">&nbsp;<\/span><\/p>\n<p><span style=\"color: #808000;\"><span class=\"TextRun SCXW19641374 BCX8\" lang=\"IT-IT\" xml:lang=\"IT-IT\" data-contrast=\"none\"><span class=\"NormalTextRun SCXW19641374 BCX8\" data-ccp-charstyle=\"normaltextrun\" data-ccp-charstyle-defn=\"{&quot;ObjectId&quot;:&quot;d4f7d930-53af-4a91-a651-11e9dcd7f578|35&quot;,&quot;ClassId&quot;:1073872969,&quot;Properties&quot;:[469775450,&quot;normaltextrun&quot;,201340122,&quot;1&quot;,134233614,&quot;true&quot;,469778129,&quot;normaltextrun&quot;,335572020,&quot;1&quot;,469778324,&quot;Default Paragraph Font&quot;]}\">Vas <\/span><span class=\"SpellingError SCXW19641374 BCX8\" data-ccp-charstyle=\"normaltextrun\">zanima<\/span><span class=\"NormalTextRun SCXW19641374 BCX8\" data-ccp-charstyle=\"normaltextrun\">, <\/span><span class=\"SpellingError SCXW19641374 BCX8\" data-ccp-charstyle=\"normaltextrun\">kako<\/span> <span class=\"SpellingError SCXW19641374 BCX8\" data-ccp-charstyle=\"normaltextrun\">zveni<\/span> <span class=\"SpellingError SCXW19641374 BCX8\" data-ccp-charstyle=\"normaltextrun\">zelenjava<\/span><span class=\"NormalTextRun SCXW19641374 BCX8\" data-ccp-charstyle=\"normaltextrun\">? <\/span><span class=\"SpellingError SCXW19641374 BCX8\" data-ccp-charstyle=\"normaltextrun\">Dunajski<\/span><span class=\"NormalTextRun SCXW19641374 BCX8\" data-ccp-charstyle=\"normaltextrun\"> \u00bb<\/span><span class=\"SpellingError SCXW19641374 BCX8\" data-ccp-charstyle=\"normaltextrun\">Zelenjavni<\/span> <span class=\"SpellingError SCXW19641374 BCX8\" data-ccp-charstyle=\"normaltextrun\">orkester<\/span><span class=\"NormalTextRun SCXW19641374 BCX8\" data-ccp-charstyle=\"normaltextrun\">\u00ab <\/span><span class=\"SpellingError SCXW19641374 BCX8\" data-ccp-charstyle=\"normaltextrun\">vas<\/span> <span class=\"SpellingError SCXW19641374 BCX8\" data-ccp-charstyle=\"normaltextrun\">vabi<\/span> <span class=\"SpellingError SCXW19641374 BCX8\" data-ccp-charstyle=\"normaltextrun\">na<\/span> <span class=\"SpellingError SCXW19641374 BCX8\" data-ccp-charstyle=\"normaltextrun\">edinstveno<\/span> <span class=\"SpellingError SCXW19641374 BCX8\" data-ccp-charstyle=\"normaltextrun\">avdiovizualno<\/span> <span class=\"SpellingError SCXW19641374 BCX8\" data-ccp-charstyle=\"normaltextrun\">do\u017eivetje<\/span><span class=\"NormalTextRun SCXW19641374 BCX8\" data-ccp-charstyle=\"normaltextrun\">, <\/span><span class=\"SpellingError SCXW19641374 BCX8\" data-ccp-charstyle=\"normaltextrun\">obogateno<\/span><span class=\"NormalTextRun SCXW19641374 BCX8\" data-ccp-charstyle=\"normaltextrun\"> z <\/span><span class=\"SpellingError SCXW19641374 BCX8\" data-ccp-charstyle=\"normaltextrun\">zelenjavnimi<\/span> <span class=\"SpellingError SCXW19641374 BCX8\" data-ccp-charstyle=\"normaltextrun\">vonjavami<\/span><span class=\"NormalTextRun SCXW19641374 BCX8\" data-ccp-charstyle=\"normaltextrun\">! Leta 1998 <\/span><span class=\"SpellingError SCXW19641374 BCX8\" data-ccp-charstyle=\"normaltextrun\">na<\/span> <span class=\"SpellingError SCXW19641374 BCX8\" data-ccp-charstyle=\"normaltextrun\">Dunaju<\/span> <span class=\"SpellingError SCXW19641374 BCX8\" data-ccp-charstyle=\"normaltextrun\">ustanovljena<\/span> <span class=\"SpellingError SCXW19641374 BCX8\" data-ccp-charstyle=\"normaltextrun\">zasedba<\/span><span class=\"NormalTextRun SCXW19641374 BCX8\" data-ccp-charstyle=\"normaltextrun\">, <\/span><span class=\"SpellingError SCXW19641374 BCX8\" data-ccp-charstyle=\"normaltextrun\">ki<\/span> <span class=\"SpellingError SCXW19641374 BCX8\" data-ccp-charstyle=\"normaltextrun\">igra<\/span> <span class=\"SpellingError SCXW19641374 BCX8\" data-ccp-charstyle=\"normaltextrun\">na<\/span> <span class=\"SpellingError SCXW19641374 BCX8\" data-ccp-charstyle=\"normaltextrun\">in\u0161trumente<\/span> <span class=\"SpellingError SCXW19641374 BCX8\" data-ccp-charstyle=\"normaltextrun\">iz<\/span> <span class=\"SpellingError SCXW19641374 BCX8\" data-ccp-charstyle=\"normaltextrun\">sve\u017ee<\/span> <span class=\"SpellingError SCXW19641374 BCX8\" data-ccp-charstyle=\"normaltextrun\">zelenjave<\/span><span class=\"NormalTextRun SCXW19641374 BCX8\" data-ccp-charstyle=\"normaltextrun\">, <\/span><span class=\"SpellingError SCXW19641374 BCX8\" data-ccp-charstyle=\"normaltextrun\">posebej<\/span> <span class=\"SpellingError SCXW19641374 BCX8\" data-ccp-charstyle=\"normaltextrun\">narejene<\/span><span class=\"NormalTextRun SCXW19641374 BCX8\" data-ccp-charstyle=\"normaltextrun\"> za <\/span><span class=\"SpellingError SCXW19641374 BCX8\" data-ccp-charstyle=\"normaltextrun\">vsak<\/span> <span class=\"SpellingError SCXW19641374 BCX8\" data-ccp-charstyle=\"normaltextrun\">nastop<\/span><span class=\"NormalTextRun SCXW19641374 BCX8\" data-ccp-charstyle=\"normaltextrun\">, je <\/span><span class=\"SpellingError SCXW19641374 BCX8\" data-ccp-charstyle=\"normaltextrun\">osredoto\u010dena<\/span> <span class=\"SpellingError SCXW19641374 BCX8\" data-ccp-charstyle=\"normaltextrun\">na<\/span> <span class=\"SpellingError SCXW19641374 BCX8\" data-ccp-charstyle=\"normaltextrun\">raziskovanje<\/span><span class=\"NormalTextRun SCXW19641374 BCX8\" data-ccp-charstyle=\"normaltextrun\"> ter <\/span><span class=\"SpellingError SCXW19641374 BCX8\" data-ccp-charstyle=\"normaltextrun\">izpopolnjevanje<\/span> <span class=\"SpellingError SCXW19641374 BCX8\" data-ccp-charstyle=\"normaltextrun\">brezmejne<\/span><span class=\"NormalTextRun SCXW19641374 BCX8\" data-ccp-charstyle=\"normaltextrun\"> \u00bb<\/span><span class=\"SpellingError SCXW19641374 BCX8\" data-ccp-charstyle=\"normaltextrun\">zelenjavne<\/span> <span class=\"SpellingError SCXW19641374 BCX8\" data-ccp-charstyle=\"normaltextrun\">godbe<\/span><span class=\"NormalTextRun SCXW19641374 BCX8\" data-ccp-charstyle=\"normaltextrun\">\u00ab <\/span><span class=\"SpellingError SCXW19641374 BCX8\" data-ccp-charstyle=\"normaltextrun\">onstran<\/span> <span class=\"SpellingError SCXW19641374 BCX8\" data-ccp-charstyle=\"normaltextrun\">vsakr\u0161nih<\/span> <span class=\"SpellingError SCXW19641374 BCX8\" data-ccp-charstyle=\"normaltextrun\">\u017eanrskih<\/span> <span class=\"SpellingError SCXW19641374 BCX8\" data-ccp-charstyle=\"normaltextrun\">omejitev<\/span><span class=\"NormalTextRun SCXW19641374 BCX8\" data-ccp-charstyle=\"normaltextrun\">. <\/span><span class=\"SpellingError SCXW19641374 BCX8\" data-ccp-charstyle=\"normaltextrun\">Pri\u010dakujte<\/span> <span class=\"SpellingError SCXW19641374 BCX8\" data-ccp-charstyle=\"normaltextrun\">unikaten<\/span> <span class=\"SpellingError SCXW19641374 BCX8\" data-ccp-charstyle=\"normaltextrun\">\u0161ov<\/span><span class=\"NormalTextRun SCXW19641374 BCX8\" data-ccp-charstyle=\"normaltextrun\">, <\/span><span class=\"SpellingError SCXW19641374 BCX8\" data-ccp-charstyle=\"normaltextrun\">ki<\/span><span class=\"NormalTextRun SCXW19641374 BCX8\" data-ccp-charstyle=\"normaltextrun\"> se <\/span><span class=\"SpellingError SCXW19641374 BCX8\" data-ccp-charstyle=\"normaltextrun\">vselej<\/span> <span class=\"SpellingError SCXW19641374 BCX8\" data-ccp-charstyle=\"normaltextrun\">kon\u010da<\/span><span class=\"NormalTextRun SCXW19641374 BCX8\" data-ccp-charstyle=\"normaltextrun\"> z <\/span><span class=\"SpellingError SCXW19641374 BCX8\" data-ccp-charstyle=\"normaltextrun\">nenavadnim<\/span> <span class=\"SpellingError SCXW19641374 BCX8\" data-ccp-charstyle=\"normaltextrun\">bisom<\/span><span class=\"NormalTextRun SCXW19641374 BCX8\" data-ccp-charstyle=\"normaltextrun\">!<\/span><\/span><span class=\"EOP SCXW19641374 BCX8\" data-ccp-props=\"{&quot;134233117&quot;:false,&quot;134233118&quot;:false,&quot;201341983&quot;:0,&quot;335551550&quot;:6,&quot;335551620&quot;:6,&quot;335559685&quot;:-30,&quot;335559737&quot;:-30,&quot;335559738&quot;:0,&quot;335559739&quot;:0,&quot;335559740&quot;:240}\">&nbsp;<\/span><\/span><\/p>\n<p>&nbsp;<\/p>\n<p>In caso di pioggia gli eventi si svolgeranno al Kulturni Center Lojze Bratu\u017e (Gorizia).<br \/>\n<span style=\"color: #808000;\">V primeru de\u017eja bodo dogodki potekali v Kulturnem centru Lojze Bratu\u017e (Gorica).<\/span><\/p>\n<p>&nbsp;<\/p>\n<p><span style=\"color: #808000;\"><span style=\"color: #000000;\">Il progetto \u00e8 finanziato dall\u2019Unione europea nell\u2019ambito del Fondo per piccoli progetti (Small Project Fund) GO! 2025 del Programma Interreg VI-A Italia-Slovenia 2021-2027, gestito dal GECT GO.<\/span><br \/>\nProjekt financira Evropska unija iz Sklada za male projekte GO! 2025 programa Interreg VI-A Italija-Slovenija 2021-2027, ki ga upravlja EZTS GO.<\/span><\/p>\n<p><img loading=\"lazy\" decoding=\"async\" class=\"size-medium wp-image-78749 alignleft\" src=\"https:\/\/controtempo.org\/wp-content\/uploads\/2024\/06\/Interreg-ITA-SLO-logo-RGB-colour-300x83.png\" alt=\"\" width=\"300\" height=\"83\" srcset=\"https:\/\/controtempo.org\/wp-content\/uploads\/2024\/06\/Interreg-ITA-SLO-logo-RGB-colour-300x83.png 300w, https:\/\/controtempo.org\/wp-content\/uploads\/2024\/06\/Interreg-ITA-SLO-logo-RGB-colour-1024x285.png 1024w, https:\/\/controtempo.org\/wp-content\/uploads\/2024\/06\/Interreg-ITA-SLO-logo-RGB-colour-768x214.png 768w, https:\/\/controtempo.org\/wp-content\/uploads\/2024\/06\/Interreg-ITA-SLO-logo-RGB-colour-700x195.png 700w, https:\/\/controtempo.org\/wp-content\/uploads\/2024\/06\/Interreg-ITA-SLO-logo-RGB-colour.png 1100w\" sizes=\"auto, (max-width: 300px) 100vw, 300px\" \/><\/p>\n<p>&nbsp;<\/p>\n<p>&nbsp;<\/p>\n<p>&nbsp;<\/p>\n<p>&nbsp;<\/p>\n","protected":false},"excerpt":{"rendered":"<p>J\u00fcrgen Berlakovich, Verena Fuchs, Susanna Gartmayer, Barbara Kaiser, Matthias Meinharter, J\u00f6rg Piringer, Ingrid Schl\u00f6gl, Ulrich Troyer, Stefan Voglsinger, Martina Winkler&#8230;.<\/p>\n","protected":false},"featured_media":78925,"comment_status":"closed","ping_status":"closed","template":"","meta":{"ngg_post_thumbnail":0,"footnotes":""},"festival":[304],"class_list":["post-78540","evento","type-evento","status-publish","has-post-thumbnail","hentry","festival-zrcala_specchi"],"yoast_head":"<!-- This site is optimized with the Yoast SEO plugin v27.4 - https:\/\/yoast.com\/product\/yoast-seo-wordpress\/ -->\n<title>The Vegetable Orchestra - Circolo Controtempo<\/title>\n<meta name=\"robots\" content=\"index, follow, max-snippet:-1, max-image-preview:large, max-video-preview:-1\" \/>\n<link rel=\"canonical\" href=\"https:\/\/controtempo.org\/en\/evento\/the-vegetable-orchestra\/\" \/>\n<meta property=\"og:locale\" content=\"en_US\" \/>\n<meta property=\"og:type\" content=\"article\" \/>\n<meta property=\"og:title\" content=\"The Vegetable Orchestra - Circolo Controtempo\" \/>\n<meta property=\"og:description\" content=\"J\u00fcrgen Berlakovich, Verena Fuchs, Susanna Gartmayer, Barbara Kaiser, Matthias Meinharter, J\u00f6rg Piringer, Ingrid Schl\u00f6gl, Ulrich Troyer, Stefan Voglsinger, Martina Winkler....\" \/>\n<meta property=\"og:url\" content=\"https:\/\/controtempo.org\/en\/evento\/the-vegetable-orchestra\/\" \/>\n<meta property=\"og:site_name\" content=\"Circolo Controtempo\" \/>\n<meta property=\"article:modified_time\" content=\"2024-07-22T08:08:24+00:00\" \/>\n<meta property=\"og:image\" content=\"https:\/\/controtempo.org\/wp-content\/uploads\/2024\/07\/vegetable-2.jpg\" \/>\n\t<meta property=\"og:image:width\" content=\"800\" \/>\n\t<meta property=\"og:image:height\" content=\"600\" \/>\n\t<meta property=\"og:image:type\" content=\"image\/jpeg\" \/>\n<meta name=\"twitter:card\" content=\"summary_large_image\" \/>\n<meta name=\"twitter:label1\" content=\"Est. reading time\" \/>\n\t<meta name=\"twitter:data1\" content=\"2 minutes\" \/>\n<script type=\"application\/ld+json\" class=\"yoast-schema-graph\">{\"@context\":\"https:\\\/\\\/schema.org\",\"@graph\":[{\"@type\":\"WebPage\",\"@id\":\"https:\\\/\\\/controtempo.org\\\/en\\\/evento\\\/the-vegetable-orchestra\\\/\",\"url\":\"https:\\\/\\\/controtempo.org\\\/en\\\/evento\\\/the-vegetable-orchestra\\\/\",\"name\":\"The Vegetable Orchestra - Circolo Controtempo\",\"isPartOf\":{\"@id\":\"https:\\\/\\\/controtempo.org\\\/en\\\/#website\"},\"primaryImageOfPage\":{\"@id\":\"https:\\\/\\\/controtempo.org\\\/en\\\/evento\\\/the-vegetable-orchestra\\\/#primaryimage\"},\"image\":{\"@id\":\"https:\\\/\\\/controtempo.org\\\/en\\\/evento\\\/the-vegetable-orchestra\\\/#primaryimage\"},\"thumbnailUrl\":\"https:\\\/\\\/controtempo.org\\\/wp-content\\\/uploads\\\/2024\\\/07\\\/vegetable-2.jpg\",\"datePublished\":\"2024-06-27T10:05:29+00:00\",\"dateModified\":\"2024-07-22T08:08:24+00:00\",\"breadcrumb\":{\"@id\":\"https:\\\/\\\/controtempo.org\\\/en\\\/evento\\\/the-vegetable-orchestra\\\/#breadcrumb\"},\"inLanguage\":\"en-US\",\"potentialAction\":[{\"@type\":\"ReadAction\",\"target\":[\"https:\\\/\\\/controtempo.org\\\/en\\\/evento\\\/the-vegetable-orchestra\\\/\"]}]},{\"@type\":\"ImageObject\",\"inLanguage\":\"en-US\",\"@id\":\"https:\\\/\\\/controtempo.org\\\/en\\\/evento\\\/the-vegetable-orchestra\\\/#primaryimage\",\"url\":\"https:\\\/\\\/controtempo.org\\\/wp-content\\\/uploads\\\/2024\\\/07\\\/vegetable-2.jpg\",\"contentUrl\":\"https:\\\/\\\/controtempo.org\\\/wp-content\\\/uploads\\\/2024\\\/07\\\/vegetable-2.jpg\",\"width\":800,\"height\":600},{\"@type\":\"BreadcrumbList\",\"@id\":\"https:\\\/\\\/controtempo.org\\\/en\\\/evento\\\/the-vegetable-orchestra\\\/#breadcrumb\",\"itemListElement\":[{\"@type\":\"ListItem\",\"position\":1,\"name\":\"Home\",\"item\":\"https:\\\/\\\/controtempo.org\\\/en\\\/\"},{\"@type\":\"ListItem\",\"position\":2,\"name\":\"Eventi\",\"item\":\"https:\\\/\\\/controtempo.org\\\/en\\\/evento\\\/\"},{\"@type\":\"ListItem\",\"position\":3,\"name\":\"The Vegetable Orchestra\"}]},{\"@type\":\"WebSite\",\"@id\":\"https:\\\/\\\/controtempo.org\\\/en\\\/#website\",\"url\":\"https:\\\/\\\/controtempo.org\\\/en\\\/\",\"name\":\"Circolo Controtempo\",\"description\":\"\",\"potentialAction\":[{\"@type\":\"SearchAction\",\"target\":{\"@type\":\"EntryPoint\",\"urlTemplate\":\"https:\\\/\\\/controtempo.org\\\/en\\\/?s={search_term_string}\"},\"query-input\":{\"@type\":\"PropertyValueSpecification\",\"valueRequired\":true,\"valueName\":\"search_term_string\"}}],\"inLanguage\":\"en-US\"}]}<\/script>\n<!-- \/ Yoast SEO plugin. -->","yoast_head_json":{"title":"The Vegetable Orchestra - Circolo Controtempo","robots":{"index":"index","follow":"follow","max-snippet":"max-snippet:-1","max-image-preview":"max-image-preview:large","max-video-preview":"max-video-preview:-1"},"canonical":"https:\/\/controtempo.org\/en\/evento\/the-vegetable-orchestra\/","og_locale":"en_US","og_type":"article","og_title":"The Vegetable Orchestra - Circolo Controtempo","og_description":"J\u00fcrgen Berlakovich, Verena Fuchs, Susanna Gartmayer, Barbara Kaiser, Matthias Meinharter, J\u00f6rg Piringer, Ingrid Schl\u00f6gl, Ulrich Troyer, Stefan Voglsinger, Martina Winkler....","og_url":"https:\/\/controtempo.org\/en\/evento\/the-vegetable-orchestra\/","og_site_name":"Circolo Controtempo","article_modified_time":"2024-07-22T08:08:24+00:00","og_image":[{"width":800,"height":600,"url":"https:\/\/controtempo.org\/wp-content\/uploads\/2024\/07\/vegetable-2.jpg","type":"image\/jpeg"}],"twitter_card":"summary_large_image","twitter_misc":{"Est. reading time":"2 minutes"},"schema":{"@context":"https:\/\/schema.org","@graph":[{"@type":"WebPage","@id":"https:\/\/controtempo.org\/en\/evento\/the-vegetable-orchestra\/","url":"https:\/\/controtempo.org\/en\/evento\/the-vegetable-orchestra\/","name":"The Vegetable Orchestra - Circolo Controtempo","isPartOf":{"@id":"https:\/\/controtempo.org\/en\/#website"},"primaryImageOfPage":{"@id":"https:\/\/controtempo.org\/en\/evento\/the-vegetable-orchestra\/#primaryimage"},"image":{"@id":"https:\/\/controtempo.org\/en\/evento\/the-vegetable-orchestra\/#primaryimage"},"thumbnailUrl":"https:\/\/controtempo.org\/wp-content\/uploads\/2024\/07\/vegetable-2.jpg","datePublished":"2024-06-27T10:05:29+00:00","dateModified":"2024-07-22T08:08:24+00:00","breadcrumb":{"@id":"https:\/\/controtempo.org\/en\/evento\/the-vegetable-orchestra\/#breadcrumb"},"inLanguage":"en-US","potentialAction":[{"@type":"ReadAction","target":["https:\/\/controtempo.org\/en\/evento\/the-vegetable-orchestra\/"]}]},{"@type":"ImageObject","inLanguage":"en-US","@id":"https:\/\/controtempo.org\/en\/evento\/the-vegetable-orchestra\/#primaryimage","url":"https:\/\/controtempo.org\/wp-content\/uploads\/2024\/07\/vegetable-2.jpg","contentUrl":"https:\/\/controtempo.org\/wp-content\/uploads\/2024\/07\/vegetable-2.jpg","width":800,"height":600},{"@type":"BreadcrumbList","@id":"https:\/\/controtempo.org\/en\/evento\/the-vegetable-orchestra\/#breadcrumb","itemListElement":[{"@type":"ListItem","position":1,"name":"Home","item":"https:\/\/controtempo.org\/en\/"},{"@type":"ListItem","position":2,"name":"Eventi","item":"https:\/\/controtempo.org\/en\/evento\/"},{"@type":"ListItem","position":3,"name":"The Vegetable Orchestra"}]},{"@type":"WebSite","@id":"https:\/\/controtempo.org\/en\/#website","url":"https:\/\/controtempo.org\/en\/","name":"Circolo Controtempo","description":"","potentialAction":[{"@type":"SearchAction","target":{"@type":"EntryPoint","urlTemplate":"https:\/\/controtempo.org\/en\/?s={search_term_string}"},"query-input":{"@type":"PropertyValueSpecification","valueRequired":true,"valueName":"search_term_string"}}],"inLanguage":"en-US"}]}},"_links":{"self":[{"href":"https:\/\/controtempo.org\/en\/wp-json\/wp\/v2\/evento\/78540","targetHints":{"allow":["GET"]}}],"collection":[{"href":"https:\/\/controtempo.org\/en\/wp-json\/wp\/v2\/evento"}],"about":[{"href":"https:\/\/controtempo.org\/en\/wp-json\/wp\/v2\/types\/evento"}],"replies":[{"embeddable":true,"href":"https:\/\/controtempo.org\/en\/wp-json\/wp\/v2\/comments?post=78540"}],"version-history":[{"count":0,"href":"https:\/\/controtempo.org\/en\/wp-json\/wp\/v2\/evento\/78540\/revisions"}],"wp:featuredmedia":[{"embeddable":true,"href":"https:\/\/controtempo.org\/en\/wp-json\/wp\/v2\/media\/78925"}],"wp:attachment":[{"href":"https:\/\/controtempo.org\/en\/wp-json\/wp\/v2\/media?parent=78540"}],"wp:term":[{"taxonomy":"festival","embeddable":true,"href":"https:\/\/controtempo.org\/en\/wp-json\/wp\/v2\/festival?post=78540"}],"curies":[{"name":"wp","href":"https:\/\/api.w.org\/{rel}","templated":true}]}}