{"id":49572,"date":"2020-07-10T00:00:00","date_gmt":"2020-07-09T22:00:00","guid":{"rendered":"https:\/\/controtempo.org\/evento\/bostjan-gombac-ziga-stanic\/"},"modified":"2020-07-10T00:00:00","modified_gmt":"2020-07-09T22:00:00","slug":"bostjan-gombac-ziga-stanic","status":"publish","type":"evento","link":"https:\/\/controtempo.org\/en\/evento\/bostjan-gombac-ziga-stanic\/","title":{"rendered":"BO\u0160TJAN GOMBA\u010c &#038; \u017dIGA STANI\u010c"},"content":{"rendered":"<p><span style=\"font-weight: 400; color: #000000;\"><strong>BO\u0160TJAN GOMBA\u010c &amp; \u017dIGA STANI\u010c: fessure temporali&nbsp;<\/strong><\/span><\/p>\n<p><span style=\"font-weight: 400; color: #000000;\"><strong>Bo\u0161tjan Gomba\u010d<\/strong>: clarinetto;<\/span><br \/>\n<span style=\"font-weight: 400; color: #000000;\"><strong>\u017diga Stani\u010d: <\/strong>piano<\/span><\/p>\n<p><span style=\"color: #000000;\">Bo\u0161tjan Gomba\u010d e \u017diga Stani\u010d sono musicisti che si spingono oltre i limiti classici della musica, esplorando i confini tra la composizione e l\u2019esecuzione, tra l\u2019interpretazione e l\u2019improvvisazione. Allo stesso tempo, sono entrambi felici di provare stili e generi diversi. L&#8217;immensa curiosit\u00e0 dei due si trasmette in musica anche nel progetto Fessure temporali, ideato inizialmente oltre che da Stani\u010d da&nbsp; Ljuben Dimkaroski. Esso combina l&#8217;unicit\u00e0 timbrica dello strumento pi\u00f9 vecchio del mondo, il cosiddetto tidldibab, con le composizioni pianistiche. Si tratta di brani di differenti origini estetiche, le quali sono state forse gi\u00e0 condivise dalle prime societ\u00e0 primitive musicali.<\/span><\/p>\n<p>&nbsp;<\/p>\n","protected":false},"excerpt":{"rendered":"<p>BO\u0160TJAN GOMBA\u010c &amp; \u017dIGA STANI\u010c: fessure temporali&nbsp; Bo\u0161tjan Gomba\u010d: clarinetto; \u017diga Stani\u010d: piano Bo\u0161tjan Gomba\u010d e \u017diga Stani\u010d sono musicisti&#8230;<\/p>\n","protected":false},"featured_media":47956,"comment_status":"closed","ping_status":"closed","template":"","meta":{"ngg_post_thumbnail":0,"footnotes":""},"festival":[169],"class_list":["post-49572","evento","type-evento","status-publish","has-post-thumbnail","hentry","festival-musiche-dal-mondo-2020-en"],"yoast_head":"<!-- This site is optimized with the Yoast SEO plugin v27.4 - https:\/\/yoast.com\/product\/yoast-seo-wordpress\/ -->\n<title>BO\u0160TJAN GOMBA\u010c &amp; \u017dIGA STANI\u010c - Circolo Controtempo<\/title>\n<meta name=\"robots\" content=\"index, follow, max-snippet:-1, max-image-preview:large, max-video-preview:-1\" \/>\n<link rel=\"canonical\" href=\"https:\/\/controtempo.org\/en\/evento\/bostjan-gombac-ziga-stanic\/\" \/>\n<meta property=\"og:locale\" content=\"en_US\" \/>\n<meta property=\"og:type\" content=\"article\" \/>\n<meta property=\"og:title\" content=\"BO\u0160TJAN GOMBA\u010c &amp; \u017dIGA STANI\u010c - Circolo Controtempo\" \/>\n<meta property=\"og:description\" content=\"BO\u0160TJAN GOMBA\u010c &amp; \u017dIGA STANI\u010c: fessure temporali&nbsp; Bo\u0161tjan Gomba\u010d: clarinetto; \u017diga Stani\u010d: piano Bo\u0161tjan Gomba\u010d e \u017diga Stani\u010d sono musicisti...\" \/>\n<meta property=\"og:url\" content=\"https:\/\/controtempo.org\/en\/evento\/bostjan-gombac-ziga-stanic\/\" \/>\n<meta property=\"og:site_name\" content=\"Circolo Controtempo\" \/>\n<meta property=\"og:image\" content=\"https:\/\/controtempo.org\/wp-content\/uploads\/2021\/03\/vv.jpg\" \/>\n\t<meta property=\"og:image:width\" content=\"390\" \/>\n\t<meta property=\"og:image:height\" content=\"390\" \/>\n\t<meta property=\"og:image:type\" content=\"image\/jpeg\" \/>\n<meta name=\"twitter:card\" content=\"summary_large_image\" \/>\n<meta name=\"twitter:label1\" content=\"Est. reading time\" \/>\n\t<meta name=\"twitter:data1\" content=\"1 minute\" \/>\n<script type=\"application\/ld+json\" class=\"yoast-schema-graph\">{\"@context\":\"https:\\\/\\\/schema.org\",\"@graph\":[{\"@type\":\"WebPage\",\"@id\":\"https:\\\/\\\/controtempo.org\\\/en\\\/evento\\\/bostjan-gombac-ziga-stanic\\\/\",\"url\":\"https:\\\/\\\/controtempo.org\\\/en\\\/evento\\\/bostjan-gombac-ziga-stanic\\\/\",\"name\":\"BO\u0160TJAN GOMBA\u010c & \u017dIGA STANI\u010c - Circolo Controtempo\",\"isPartOf\":{\"@id\":\"https:\\\/\\\/controtempo.org\\\/en\\\/#website\"},\"primaryImageOfPage\":{\"@id\":\"https:\\\/\\\/controtempo.org\\\/en\\\/evento\\\/bostjan-gombac-ziga-stanic\\\/#primaryimage\"},\"image\":{\"@id\":\"https:\\\/\\\/controtempo.org\\\/en\\\/evento\\\/bostjan-gombac-ziga-stanic\\\/#primaryimage\"},\"thumbnailUrl\":\"https:\\\/\\\/controtempo.org\\\/wp-content\\\/uploads\\\/2021\\\/03\\\/vv.jpg\",\"datePublished\":\"2020-07-09T22:00:00+00:00\",\"breadcrumb\":{\"@id\":\"https:\\\/\\\/controtempo.org\\\/en\\\/evento\\\/bostjan-gombac-ziga-stanic\\\/#breadcrumb\"},\"inLanguage\":\"en-US\",\"potentialAction\":[{\"@type\":\"ReadAction\",\"target\":[\"https:\\\/\\\/controtempo.org\\\/en\\\/evento\\\/bostjan-gombac-ziga-stanic\\\/\"]}]},{\"@type\":\"ImageObject\",\"inLanguage\":\"en-US\",\"@id\":\"https:\\\/\\\/controtempo.org\\\/en\\\/evento\\\/bostjan-gombac-ziga-stanic\\\/#primaryimage\",\"url\":\"https:\\\/\\\/controtempo.org\\\/wp-content\\\/uploads\\\/2021\\\/03\\\/vv.jpg\",\"contentUrl\":\"https:\\\/\\\/controtempo.org\\\/wp-content\\\/uploads\\\/2021\\\/03\\\/vv.jpg\",\"width\":390,\"height\":390},{\"@type\":\"BreadcrumbList\",\"@id\":\"https:\\\/\\\/controtempo.org\\\/en\\\/evento\\\/bostjan-gombac-ziga-stanic\\\/#breadcrumb\",\"itemListElement\":[{\"@type\":\"ListItem\",\"position\":1,\"name\":\"Home\",\"item\":\"https:\\\/\\\/controtempo.org\\\/en\\\/\"},{\"@type\":\"ListItem\",\"position\":2,\"name\":\"Eventi\",\"item\":\"https:\\\/\\\/controtempo.org\\\/en\\\/evento\\\/\"},{\"@type\":\"ListItem\",\"position\":3,\"name\":\"BO\u0160TJAN GOMBA\u010c &#038; \u017dIGA STANI\u010c\"}]},{\"@type\":\"WebSite\",\"@id\":\"https:\\\/\\\/controtempo.org\\\/en\\\/#website\",\"url\":\"https:\\\/\\\/controtempo.org\\\/en\\\/\",\"name\":\"Circolo Controtempo\",\"description\":\"\",\"potentialAction\":[{\"@type\":\"SearchAction\",\"target\":{\"@type\":\"EntryPoint\",\"urlTemplate\":\"https:\\\/\\\/controtempo.org\\\/en\\\/?s={search_term_string}\"},\"query-input\":{\"@type\":\"PropertyValueSpecification\",\"valueRequired\":true,\"valueName\":\"search_term_string\"}}],\"inLanguage\":\"en-US\"}]}<\/script>\n<!-- \/ Yoast SEO plugin. -->","yoast_head_json":{"title":"BO\u0160TJAN GOMBA\u010c & \u017dIGA STANI\u010c - Circolo Controtempo","robots":{"index":"index","follow":"follow","max-snippet":"max-snippet:-1","max-image-preview":"max-image-preview:large","max-video-preview":"max-video-preview:-1"},"canonical":"https:\/\/controtempo.org\/en\/evento\/bostjan-gombac-ziga-stanic\/","og_locale":"en_US","og_type":"article","og_title":"BO\u0160TJAN GOMBA\u010c & \u017dIGA STANI\u010c - Circolo Controtempo","og_description":"BO\u0160TJAN GOMBA\u010c &amp; \u017dIGA STANI\u010c: fessure temporali&nbsp; Bo\u0161tjan Gomba\u010d: clarinetto; \u017diga Stani\u010d: piano Bo\u0161tjan Gomba\u010d e \u017diga Stani\u010d sono musicisti...","og_url":"https:\/\/controtempo.org\/en\/evento\/bostjan-gombac-ziga-stanic\/","og_site_name":"Circolo Controtempo","og_image":[{"width":390,"height":390,"url":"https:\/\/controtempo.org\/wp-content\/uploads\/2021\/03\/vv.jpg","type":"image\/jpeg"}],"twitter_card":"summary_large_image","twitter_misc":{"Est. reading time":"1 minute"},"schema":{"@context":"https:\/\/schema.org","@graph":[{"@type":"WebPage","@id":"https:\/\/controtempo.org\/en\/evento\/bostjan-gombac-ziga-stanic\/","url":"https:\/\/controtempo.org\/en\/evento\/bostjan-gombac-ziga-stanic\/","name":"BO\u0160TJAN GOMBA\u010c & \u017dIGA STANI\u010c - Circolo Controtempo","isPartOf":{"@id":"https:\/\/controtempo.org\/en\/#website"},"primaryImageOfPage":{"@id":"https:\/\/controtempo.org\/en\/evento\/bostjan-gombac-ziga-stanic\/#primaryimage"},"image":{"@id":"https:\/\/controtempo.org\/en\/evento\/bostjan-gombac-ziga-stanic\/#primaryimage"},"thumbnailUrl":"https:\/\/controtempo.org\/wp-content\/uploads\/2021\/03\/vv.jpg","datePublished":"2020-07-09T22:00:00+00:00","breadcrumb":{"@id":"https:\/\/controtempo.org\/en\/evento\/bostjan-gombac-ziga-stanic\/#breadcrumb"},"inLanguage":"en-US","potentialAction":[{"@type":"ReadAction","target":["https:\/\/controtempo.org\/en\/evento\/bostjan-gombac-ziga-stanic\/"]}]},{"@type":"ImageObject","inLanguage":"en-US","@id":"https:\/\/controtempo.org\/en\/evento\/bostjan-gombac-ziga-stanic\/#primaryimage","url":"https:\/\/controtempo.org\/wp-content\/uploads\/2021\/03\/vv.jpg","contentUrl":"https:\/\/controtempo.org\/wp-content\/uploads\/2021\/03\/vv.jpg","width":390,"height":390},{"@type":"BreadcrumbList","@id":"https:\/\/controtempo.org\/en\/evento\/bostjan-gombac-ziga-stanic\/#breadcrumb","itemListElement":[{"@type":"ListItem","position":1,"name":"Home","item":"https:\/\/controtempo.org\/en\/"},{"@type":"ListItem","position":2,"name":"Eventi","item":"https:\/\/controtempo.org\/en\/evento\/"},{"@type":"ListItem","position":3,"name":"BO\u0160TJAN GOMBA\u010c &#038; \u017dIGA STANI\u010c"}]},{"@type":"WebSite","@id":"https:\/\/controtempo.org\/en\/#website","url":"https:\/\/controtempo.org\/en\/","name":"Circolo Controtempo","description":"","potentialAction":[{"@type":"SearchAction","target":{"@type":"EntryPoint","urlTemplate":"https:\/\/controtempo.org\/en\/?s={search_term_string}"},"query-input":{"@type":"PropertyValueSpecification","valueRequired":true,"valueName":"search_term_string"}}],"inLanguage":"en-US"}]}},"_links":{"self":[{"href":"https:\/\/controtempo.org\/en\/wp-json\/wp\/v2\/evento\/49572","targetHints":{"allow":["GET"]}}],"collection":[{"href":"https:\/\/controtempo.org\/en\/wp-json\/wp\/v2\/evento"}],"about":[{"href":"https:\/\/controtempo.org\/en\/wp-json\/wp\/v2\/types\/evento"}],"replies":[{"embeddable":true,"href":"https:\/\/controtempo.org\/en\/wp-json\/wp\/v2\/comments?post=49572"}],"version-history":[{"count":0,"href":"https:\/\/controtempo.org\/en\/wp-json\/wp\/v2\/evento\/49572\/revisions"}],"wp:featuredmedia":[{"embeddable":true,"href":"https:\/\/controtempo.org\/en\/wp-json\/wp\/v2\/media\/47956"}],"wp:attachment":[{"href":"https:\/\/controtempo.org\/en\/wp-json\/wp\/v2\/media?parent=49572"}],"wp:term":[{"taxonomy":"festival","embeddable":true,"href":"https:\/\/controtempo.org\/en\/wp-json\/wp\/v2\/festival?post=49572"}],"curies":[{"name":"wp","href":"https:\/\/api.w.org\/{rel}","templated":true}]}}